{"id":1310,"date":"2023-07-18T06:45:53","date_gmt":"2023-07-18T06:45:53","guid":{"rendered":"https:\/\/zum-see.ch\/mentions-legales\/"},"modified":"2023-07-19T09:19:39","modified_gmt":"2023-07-19T09:19:39","slug":"mentions-legales","status":"publish","type":"page","link":"https:\/\/zum-see.ch\/fr\/mentions-legales\/","title":{"rendered":"Mentions l\u00e9gales"},"content":{"rendered":"\n<section class=\"wp-block-uagb-section uagb-section__wrap uagb-section__background-none uagb-block-b619e393\"><div class=\"uagb-section__overlay\"><\/div><div class=\"uagb-section__inner-wrap\"><h1 class=\"wp-block-post-title\">Mentions l\u00e9gales<\/h1>\n\n\n<p><strong>Instance responsable :<\/strong><br\/>Restaurant zum See, Williner Sternau<br\/>Restaurant du lac<br\/>3925 Gr\u00e4chen<br\/>Suisse<br\/><strong>Courrier \u00e9lectronique<\/strong>: info@zum-see.ch<\/p>\n\n\n\n<p><strong>Personnes autoris\u00e9es \u00e0 repr\u00e9senter l'association<\/strong><br\/>Sternau Meinrad Williner<\/p>\n\n\n\n<p><strong>Nom de l'entreprise<\/strong>: Restaurant zum See, Williner Sternau<br\/><strong>Num\u00e9ro d'enregistrement<\/strong>: CHE-103.774.860<br\/><strong>Num\u00e9ro d'identification de la taxe sur le chiffre d'affaires<\/strong>: CHE-103.774.860 TVA<\/p>\n\n\n\n<p><strong>Clause de non-responsabilit\u00e9<\/strong><br\/>L'auteur ne garantit pas l'exactitude, la pr\u00e9cision, l'actualit\u00e9, la fiabilit\u00e9 et l'exhaustivit\u00e9 des informations.<br\/>L'auteur ne saurait \u00eatre tenu pour responsable des dommages mat\u00e9riels ou immat\u00e9riels qui pourraient \u00eatre caus\u00e9s par l'acc\u00e8s aux informations diffus\u00e9es ou par leur utilisation ou non-utilisation, par le mauvais usage de la connexion ou par des probl\u00e8mes techniques.<\/p>\n\n\n\n<p>Toutes les offres sont sans engagement. L'auteur se r\u00e9serve express\u00e9ment le droit de modifier, de compl\u00e9ter ou de supprimer des parties de pages ou l'ensemble de l'offre sans avis pr\u00e9alable, ou d'en suspendre temporairement ou d\u00e9finitivement la publication.<\/p>\n\n\n\n<p><strong>Exclusion de responsabilit\u00e9 pour les contenus et les liens<\/strong><br\/>Les renvois et liens vers des sites web de tiers ne rel\u00e8vent pas de notre responsabilit\u00e9. Nous d\u00e9clinons toute responsabilit\u00e9 pour de tels sites. L'acc\u00e8s \u00e0 de tels sites et leur utilisation se font aux risques et p\u00e9rils de l'utilisateur concern\u00e9.<\/p>\n\n\n\n<p><strong>D\u00e9claration de droits d'auteur<\/strong><br\/>Les droits d'auteur et tous les autres droits li\u00e9s aux contenus, images, photos ou autres fichiers pr\u00e9sents sur ce site Internet sont la propri\u00e9t\u00e9 exclusive du Restaurant zum See, Williner Sternau ou des d\u00e9tenteurs de droits sp\u00e9cialement cit\u00e9s. Pour la reproduction de tout \u00e9l\u00e9ment, l'accord \u00e9crit du d\u00e9tenteur des droits d'auteur doit \u00eatre obtenu au pr\u00e9alable.<\/p>\n\n\n\n<p><strong>Source<\/strong>: <a href=\"https:\/\/brainbox.swiss\/\">BrainBox Solutions<\/a><\/p>\n\n\n\n<div style=\"height:100px\" aria-hidden=\"true\" class=\"wp-block-spacer\"><\/div>\n\n\n\n<h2 class=\"wp-block-heading\">Webdesign du Haut-Valais<\/h2>\n\n\n\n<p><a href=\"https:\/\/www.augensaft.com\" target=\"_blank\" rel=\"noreferrer noopener\">augensaft.com<\/a><\/p>\n<\/div><\/section>\n","protected":false},"excerpt":{"rendered":"","protected":false},"author":1,"featured_media":0,"parent":0,"menu_order":0,"comment_status":"closed","ping_status":"closed","template":"","meta":{"inline_featured_image":false,"_uag_custom_page_level_css":"","footnotes":""},"class_list":["post-1310","page","type-page","status-publish","hentry"],"yoast_head":"<!-- This site is optimized with the Yoast SEO plugin v27.2 - https:\/\/yoast.com\/product\/yoast-seo-wordpress\/ -->\n<title>Mentions l\u00e9gales - Restaurant zum See Gr\u00e4chen<\/title>\n<meta name=\"description\" content=\"Instance responsable, personnes habilit\u00e9es \u00e0 repr\u00e9senter l&#039;entreprise, nom de l&#039;entreprise et autres informations du Restaurant zum See \u00e0 Gr\u00e4chen.\" \/>\n<meta name=\"robots\" content=\"index, follow, max-snippet:-1, max-image-preview:large, max-video-preview:-1\" \/>\n<link rel=\"canonical\" href=\"https:\/\/zum-see.ch\/fr\/mentions-legales\/\" \/>\n<meta property=\"og:locale\" content=\"fr_FR\" \/>\n<meta property=\"og:type\" content=\"article\" \/>\n<meta property=\"og:title\" content=\"Mentions l\u00e9gales - Restaurant zum See Gr\u00e4chen\" \/>\n<meta property=\"og:description\" content=\"Instance responsable, personnes habilit\u00e9es \u00e0 repr\u00e9senter l&#039;entreprise, nom de l&#039;entreprise et autres informations du Restaurant zum See \u00e0 Gr\u00e4chen.\" \/>\n<meta property=\"og:url\" content=\"https:\/\/zum-see.ch\/fr\/mentions-legales\/\" \/>\n<meta property=\"og:site_name\" content=\"Restaurant zum See Gr\u00e4chen\" \/>\n<meta property=\"article:publisher\" content=\"https:\/\/www.facebook.com\/restaurant.zum.see.graechen\/\" \/>\n<meta property=\"article:modified_time\" content=\"2023-07-19T09:19:39+00:00\" \/>\n<meta property=\"og:image\" content=\"https:\/\/zum-see.ch\/wp-content\/uploads\/2023\/07\/logo-zum-see.jpg\" \/>\n\t<meta property=\"og:image:width\" content=\"1200\" \/>\n\t<meta property=\"og:image:height\" content=\"675\" \/>\n\t<meta property=\"og:image:type\" content=\"image\/jpeg\" \/>\n<meta name=\"twitter:card\" content=\"summary_large_image\" \/>\n<meta name=\"twitter:label1\" content=\"Dur\u00e9e de lecture estim\u00e9e\" \/>\n\t<meta name=\"twitter:data1\" content=\"2 minutes\" \/>\n<script type=\"application\/ld+json\" class=\"yoast-schema-graph\">{\"@context\":\"https:\/\/schema.org\",\"@graph\":[{\"@type\":\"WebPage\",\"@id\":\"https:\/\/zum-see.ch\/fr\/mentions-legales\/\",\"url\":\"https:\/\/zum-see.ch\/fr\/mentions-legales\/\",\"name\":\"Mentions l\u00e9gales - Restaurant zum See Gr\u00e4chen\",\"isPartOf\":{\"@id\":\"https:\/\/zum-see.ch\/fr\/#website\"},\"datePublished\":\"2023-07-18T06:45:53+00:00\",\"dateModified\":\"2023-07-19T09:19:39+00:00\",\"description\":\"Instance responsable, personnes habilit\u00e9es \u00e0 repr\u00e9senter l'entreprise, nom de l'entreprise et autres informations du Restaurant zum See \u00e0 Gr\u00e4chen.\",\"breadcrumb\":{\"@id\":\"https:\/\/zum-see.ch\/fr\/mentions-legales\/#breadcrumb\"},\"inLanguage\":\"fr-FR\",\"potentialAction\":[{\"@type\":\"ReadAction\",\"target\":[\"https:\/\/zum-see.ch\/fr\/mentions-legales\/\"]}]},{\"@type\":\"BreadcrumbList\",\"@id\":\"https:\/\/zum-see.ch\/fr\/mentions-legales\/#breadcrumb\",\"itemListElement\":[{\"@type\":\"ListItem\",\"position\":1,\"name\":\"Startseite\",\"item\":\"https:\/\/zum-see.ch\/fr\/\"},{\"@type\":\"ListItem\",\"position\":2,\"name\":\"Mentions l\u00e9gales\"}]},{\"@type\":\"WebSite\",\"@id\":\"https:\/\/zum-see.ch\/fr\/#website\",\"url\":\"https:\/\/zum-see.ch\/fr\/\",\"name\":\"Restaurant zum See Gr\u00e4chen\",\"description\":\"\",\"publisher\":{\"@id\":\"https:\/\/zum-see.ch\/fr\/#organization\"},\"potentialAction\":[{\"@type\":\"SearchAction\",\"target\":{\"@type\":\"EntryPoint\",\"urlTemplate\":\"https:\/\/zum-see.ch\/fr\/?s={search_term_string}\"},\"query-input\":{\"@type\":\"PropertyValueSpecification\",\"valueRequired\":true,\"valueName\":\"search_term_string\"}}],\"inLanguage\":\"fr-FR\"},{\"@type\":\"Organization\",\"@id\":\"https:\/\/zum-see.ch\/fr\/#organization\",\"name\":\"Restaurant zum See Gr\u00e4chen\",\"url\":\"https:\/\/zum-see.ch\/fr\/\",\"logo\":{\"@type\":\"ImageObject\",\"inLanguage\":\"fr-FR\",\"@id\":\"https:\/\/zum-see.ch\/fr\/#\/schema\/logo\/image\/\",\"url\":\"https:\/\/zum-see.ch\/wp-content\/uploads\/2023\/07\/logo-zum-see-2023.png\",\"contentUrl\":\"https:\/\/zum-see.ch\/wp-content\/uploads\/2023\/07\/logo-zum-see-2023.png\",\"width\":800,\"height\":506,\"caption\":\"Restaurant zum See Gr\u00e4chen\"},\"image\":{\"@id\":\"https:\/\/zum-see.ch\/fr\/#\/schema\/logo\/image\/\"},\"sameAs\":[\"https:\/\/www.facebook.com\/restaurant.zum.see.graechen\/\"]}]}<\/script>\n<!-- \/ Yoast SEO plugin. -->","yoast_head_json":{"title":"Mentions l\u00e9gales - Restaurant zum See Gr\u00e4chen","description":"Instance responsable, personnes habilit\u00e9es \u00e0 repr\u00e9senter l'entreprise, nom de l'entreprise et autres informations du Restaurant zum See \u00e0 Gr\u00e4chen.","robots":{"index":"index","follow":"follow","max-snippet":"max-snippet:-1","max-image-preview":"max-image-preview:large","max-video-preview":"max-video-preview:-1"},"canonical":"https:\/\/zum-see.ch\/fr\/mentions-legales\/","og_locale":"fr_FR","og_type":"article","og_title":"Mentions l\u00e9gales - Restaurant zum See Gr\u00e4chen","og_description":"Instance responsable, personnes habilit\u00e9es \u00e0 repr\u00e9senter l'entreprise, nom de l'entreprise et autres informations du Restaurant zum See \u00e0 Gr\u00e4chen.","og_url":"https:\/\/zum-see.ch\/fr\/mentions-legales\/","og_site_name":"Restaurant zum See Gr\u00e4chen","article_publisher":"https:\/\/www.facebook.com\/restaurant.zum.see.graechen\/","article_modified_time":"2023-07-19T09:19:39+00:00","og_image":[{"width":1200,"height":675,"url":"https:\/\/zum-see.ch\/wp-content\/uploads\/2023\/07\/logo-zum-see.jpg","type":"image\/jpeg"}],"twitter_card":"summary_large_image","twitter_misc":{"Dur\u00e9e de lecture estim\u00e9e":"2 minutes"},"schema":{"@context":"https:\/\/schema.org","@graph":[{"@type":"WebPage","@id":"https:\/\/zum-see.ch\/fr\/mentions-legales\/","url":"https:\/\/zum-see.ch\/fr\/mentions-legales\/","name":"Mentions l\u00e9gales - Restaurant zum See Gr\u00e4chen","isPartOf":{"@id":"https:\/\/zum-see.ch\/fr\/#website"},"datePublished":"2023-07-18T06:45:53+00:00","dateModified":"2023-07-19T09:19:39+00:00","description":"Instance responsable, personnes habilit\u00e9es \u00e0 repr\u00e9senter l'entreprise, nom de l'entreprise et autres informations du Restaurant zum See \u00e0 Gr\u00e4chen.","breadcrumb":{"@id":"https:\/\/zum-see.ch\/fr\/mentions-legales\/#breadcrumb"},"inLanguage":"fr-FR","potentialAction":[{"@type":"ReadAction","target":["https:\/\/zum-see.ch\/fr\/mentions-legales\/"]}]},{"@type":"BreadcrumbList","@id":"https:\/\/zum-see.ch\/fr\/mentions-legales\/#breadcrumb","itemListElement":[{"@type":"ListItem","position":1,"name":"Startseite","item":"https:\/\/zum-see.ch\/fr\/"},{"@type":"ListItem","position":2,"name":"Mentions l\u00e9gales"}]},{"@type":"WebSite","@id":"https:\/\/zum-see.ch\/fr\/#website","url":"https:\/\/zum-see.ch\/fr\/","name":"Restaurant zum See Gr\u00e4chen","description":"","publisher":{"@id":"https:\/\/zum-see.ch\/fr\/#organization"},"potentialAction":[{"@type":"SearchAction","target":{"@type":"EntryPoint","urlTemplate":"https:\/\/zum-see.ch\/fr\/?s={search_term_string}"},"query-input":{"@type":"PropertyValueSpecification","valueRequired":true,"valueName":"search_term_string"}}],"inLanguage":"fr-FR"},{"@type":"Organization","@id":"https:\/\/zum-see.ch\/fr\/#organization","name":"Restaurant zum See Gr\u00e4chen","url":"https:\/\/zum-see.ch\/fr\/","logo":{"@type":"ImageObject","inLanguage":"fr-FR","@id":"https:\/\/zum-see.ch\/fr\/#\/schema\/logo\/image\/","url":"https:\/\/zum-see.ch\/wp-content\/uploads\/2023\/07\/logo-zum-see-2023.png","contentUrl":"https:\/\/zum-see.ch\/wp-content\/uploads\/2023\/07\/logo-zum-see-2023.png","width":800,"height":506,"caption":"Restaurant zum See Gr\u00e4chen"},"image":{"@id":"https:\/\/zum-see.ch\/fr\/#\/schema\/logo\/image\/"},"sameAs":["https:\/\/www.facebook.com\/restaurant.zum.see.graechen\/"]}]}},"uagb_featured_image_src":{"full":false,"thumbnail":false,"medium":false,"medium_large":false,"large":false,"1536x1536":false,"2048x2048":false},"uagb_author_info":{"display_name":"admin","author_link":"https:\/\/zum-see.ch\/fr\/author\/adhowasgra\/"},"uagb_comment_info":0,"uagb_excerpt":null,"_links":{"self":[{"href":"https:\/\/zum-see.ch\/fr\/wp-json\/wp\/v2\/pages\/1310","targetHints":{"allow":["GET"]}}],"collection":[{"href":"https:\/\/zum-see.ch\/fr\/wp-json\/wp\/v2\/pages"}],"about":[{"href":"https:\/\/zum-see.ch\/fr\/wp-json\/wp\/v2\/types\/page"}],"author":[{"embeddable":true,"href":"https:\/\/zum-see.ch\/fr\/wp-json\/wp\/v2\/users\/1"}],"replies":[{"embeddable":true,"href":"https:\/\/zum-see.ch\/fr\/wp-json\/wp\/v2\/comments?post=1310"}],"version-history":[{"count":5,"href":"https:\/\/zum-see.ch\/fr\/wp-json\/wp\/v2\/pages\/1310\/revisions"}],"predecessor-version":[{"id":1505,"href":"https:\/\/zum-see.ch\/fr\/wp-json\/wp\/v2\/pages\/1310\/revisions\/1505"}],"wp:attachment":[{"href":"https:\/\/zum-see.ch\/fr\/wp-json\/wp\/v2\/media?parent=1310"}],"curies":[{"name":"wp","href":"https:\/\/api.w.org\/{rel}","templated":true}]}}