{"id":1289,"date":"2022-12-14T16:38:33","date_gmt":"2022-12-14T16:38:33","guid":{"rendered":"https:\/\/zum-see.ch\/actualites\/"},"modified":"2023-07-19T09:14:21","modified_gmt":"2023-07-19T09:14:21","slug":"actualites","status":"publish","type":"page","link":"https:\/\/zum-see.ch\/fr\/actualites\/","title":{"rendered":"Actualit\u00e9s"},"content":{"rendered":"\n<section class=\"wp-block-uagb-section uagb-section__wrap uagb-section__background-none uagb-block-e2edd106\"><div class=\"uagb-section__overlay\"><\/div><div class=\"uagb-section__inner-wrap\">\n\t\t\t<div class=\"wp-block-uagb-post-grid uagb-post-grid  uagb-post__image-position-top uagb-post__image-disabled uagb-block-dd946eef     uagb-post__items uagb-post__columns-3 is-grid uagb-post__columns-tablet-2 uagb-post__columns-mobile-1 uagb-post__equal-height\" data-total=\"4\" style=\"\">\n\n\t\t\t\t\t\t\t\t\t\t\t\t<article class=\"uagb-post__inner-wrap\">\t\t\t\t\t\t\t\t<h4 class=\"uagb-post__title uagb-post__text\">\n\t\t\t\t<a href=\"https:\/\/zum-see.ch\/fr\/heures-douverture-de-la-mi-saison-2026\/\" target=\"_self\" rel=\"bookmark noopener noreferrer\">Heures d'ouverture de la mi-saison 2026<\/a>\n\t\t\t<\/h4>\n\t\t\t\t\t\t<div class='uagb-post__text uagb-post-grid-byline'>\n\t\t\t\t\t\t\t<\/div>\n\t\t\t\t\t\t\t<div class='uagb-post__text uagb-post__excerpt'>\n\t\t\t\t\t<p>11 avril 2026 Gourmetschleif (randonn\u00e9e culinaire circulaire avec repas et boissons) 26 avril 2026 Confirmation...\t\t\t\t<\/div>\n\t\t\t\t\t\t<div class=\"uagb-post__text uagb-post__cta wp-block-button\">\n\t\t\t\t<a class=\"wp-block-button__link uagb-text-link\" style=\"\" href=\"https:\/\/zum-see.ch\/fr\/heures-douverture-de-la-mi-saison-2026\/\" target=\"_self\" rel=\"bookmark noopener noreferrer\">Lire la suite<\/a>\n\t\t\t<\/div>\n\t\t\t\n\t\t\t\t\t\t\t\t\t<\/article>\n\t\t\t\t\t\t\t\t\t\t\t\t\t\t\t\t<article class=\"uagb-post__inner-wrap\">\t\t\t\t\t\t\t\t<h4 class=\"uagb-post__title uagb-post__text\">\n\t\t\t\t<a href=\"https:\/\/zum-see.ch\/fr\/brunch-du-nouvel-an-02-janvier-2026\/\" target=\"_self\" rel=\"bookmark noopener noreferrer\">Brunch de la f\u00eate des m\u00e8res 10 mai 2026<\/a>\n\t\t\t<\/h4>\n\t\t\t\t\t\t<div class='uagb-post__text uagb-post-grid-byline'>\n\t\t\t\t\t\t\t<\/div>\n\t\t\t\t\t\t\t<div class='uagb-post__text uagb-post__excerpt'>\n\t\t\t\t\t<p>Le 10 mai 2026, nous vous invitons \u00e0 notre traditionnel brunch de la f\u00eate des...\t\t\t\t<\/div>\n\t\t\t\t\t\t<div class=\"uagb-post__text uagb-post__cta wp-block-button\">\n\t\t\t\t<a class=\"wp-block-button__link uagb-text-link\" style=\"\" href=\"https:\/\/zum-see.ch\/fr\/brunch-du-nouvel-an-02-janvier-2026\/\" target=\"_self\" rel=\"bookmark noopener noreferrer\">Lire la suite<\/a>\n\t\t\t<\/div>\n\t\t\t\n\t\t\t\t\t\t\t\t\t<\/article>\n\t\t\t\t\t\t\t\t\t\t\t\t\t\t\t\t<article class=\"uagb-post__inner-wrap\">\t\t\t\t\t\t\t\t<h4 class=\"uagb-post__title uagb-post__text\">\n\t\t\t\t<a href=\"https:\/\/zum-see.ch\/fr\/diner-aux-chandelles\/\" target=\"_self\" rel=\"bookmark noopener noreferrer\">11 mars 2026 DERNI\u00c8RE bougie - light - d\u00eener<\/a>\n\t\t\t<\/h4>\n\t\t\t\t\t\t<div class='uagb-post__text uagb-post-grid-byline'>\n\t\t\t\t\t\t\t<\/div>\n\t\t\t\t\t\t\t<div class='uagb-post__text uagb-post__excerpt'>\n\t\t\t\t\t<p>Le 11 mars 2026 , le mercredi soir, lorsque la nuit tombe dehors et que...\t\t\t\t<\/div>\n\t\t\t\t\t\t<div class=\"uagb-post__text uagb-post__cta wp-block-button\">\n\t\t\t\t<a class=\"wp-block-button__link uagb-text-link\" style=\"\" href=\"https:\/\/zum-see.ch\/fr\/diner-aux-chandelles\/\" target=\"_self\" rel=\"bookmark noopener noreferrer\">Lire la suite<\/a>\n\t\t\t<\/div>\n\t\t\t\n\t\t\t\t\t\t\t\t\t<\/article>\n\t\t\t\t\t\t\t\t\t\t\t\t\t\t\t\t<article class=\"uagb-post__inner-wrap\">\t\t\t\t\t\t\t\t<h4 class=\"uagb-post__title uagb-post__text\">\n\t\t\t\t<a href=\"https:\/\/zum-see.ch\/fr\/peche-dans-le-lac-de-montagne-de-graechner\/\" target=\"_self\" rel=\"bookmark noopener noreferrer\">P\u00eache dans le lac de montagne de Gr\u00e4chner<\/a>\n\t\t\t<\/h4>\n\t\t\t\t\t\t<div class='uagb-post__text uagb-post-grid-byline'>\n\t\t\t\t\t\t\t<\/div>\n\t\t\t\t\t\t\t<div class='uagb-post__text uagb-post__excerpt'>\n\t\t\t\t\t<p>Chers invit\u00e9s, amis et habitants Tous les mercredis de 7h00 \u00e0 10h00, vous pouvez p\u00eacher...\t\t\t\t<\/div>\n\t\t\t\t\t\t<div class=\"uagb-post__text uagb-post__cta wp-block-button\">\n\t\t\t\t<a class=\"wp-block-button__link uagb-text-link\" style=\"\" href=\"https:\/\/zum-see.ch\/fr\/peche-dans-le-lac-de-montagne-de-graechner\/\" target=\"_self\" rel=\"bookmark noopener noreferrer\">Lire la suite<\/a>\n\t\t\t<\/div>\n\t\t\t\n\t\t\t\t\t\t\t\t\t<\/article>\n\t\t\t\t\t\t\t\t\t\t\t\t\t\t\t\t<article class=\"uagb-post__inner-wrap\">\t\t\t\t\t\t\t\t<h4 class=\"uagb-post__title uagb-post__text\">\n\t\t\t\t<a href=\"https:\/\/zum-see.ch\/fr\/27-aout-2025-z-hansrueedi\/\" target=\"_self\" rel=\"bookmark noopener noreferrer\">28 septembre 2025 Brisol\u00e8e Royale<\/a>\n\t\t\t<\/h4>\n\t\t\t\t\t\t<div class='uagb-post__text uagb-post-grid-byline'>\n\t\t\t\t\t\t\t<\/div>\n\t\t\t\t\t\t\t<div class='uagb-post__text uagb-post__excerpt'>\n\t\t\t\t\t<p>Chers invit\u00e9s, habitants et amis, le 28 septembre 2025 aura lieu chez nous le premier...\t\t\t\t<\/div>\n\t\t\t\t\t\t<div class=\"uagb-post__text uagb-post__cta wp-block-button\">\n\t\t\t\t<a class=\"wp-block-button__link uagb-text-link\" style=\"\" href=\"https:\/\/zum-see.ch\/fr\/27-aout-2025-z-hansrueedi\/\" target=\"_self\" rel=\"bookmark noopener noreferrer\">Lire la suite<\/a>\n\t\t\t<\/div>\n\t\t\t\n\t\t\t\t\t\t\t\t\t<\/article>\n\t\t\t\t\t\t\t\t\t\t\t\t\t\t\t\t<article class=\"uagb-post__inner-wrap\">\t\t\t\t\t\t\t\t<h4 class=\"uagb-post__title uagb-post__text\">\n\t\t\t\t<a href=\"https:\/\/zum-see.ch\/fr\/pour-votre-info\/\" target=\"_self\" rel=\"bookmark noopener noreferrer\">POUR VOTRE INFO<\/a>\n\t\t\t<\/h4>\n\t\t\t\t\t\t<div class='uagb-post__text uagb-post-grid-byline'>\n\t\t\t\t\t\t\t<\/div>\n\t\t\t\t\t\t\t<div class='uagb-post__text uagb-post__excerpt'>\n\t\t\t\t\t<p>Chers visiteurs et habitants nous sommes ouverts aux dates suivantes. - 26 avril 2025 1\u00e8re...\t\t\t\t<\/div>\n\t\t\t\t\t\t<div class=\"uagb-post__text uagb-post__cta wp-block-button\">\n\t\t\t\t<a class=\"wp-block-button__link uagb-text-link\" style=\"\" href=\"https:\/\/zum-see.ch\/fr\/pour-votre-info\/\" target=\"_self\" rel=\"bookmark noopener noreferrer\">Lire la suite<\/a>\n\t\t\t<\/div>\n\t\t\t\n\t\t\t\t\t\t\t\t\t<\/article>\n\t\t\t\t\t\t\t\t\t\t\t<\/div>\n\t\t\t<\/div><\/section>\n\n\n\n<section class=\"wp-block-uagb-section uagb-section__wrap uagb-section__background-image uagb-block-3e6c3b65\"><div class=\"uagb-section__overlay\"><\/div><div class=\"uagb-section__inner-wrap\">\n<h2 class=\"wp-block-heading has-text-align-center has-central-palette-5-color has-text-color\">Salle des f\u00eates de Gr\u00e4chen<\/h2>\n\n\n\n<div style=\"height:40px\" aria-hidden=\"true\" class=\"wp-block-spacer\"><\/div>\n\n\n\n<figure class=\"wp-block-gallery has-nested-images columns-4 is-cropped wp-block-gallery-1 is-layout-flex wp-block-gallery-is-layout-flex\">\n<figure class=\"wp-block-image size-full\"><img loading=\"lazy\" decoding=\"async\" width=\"574\" height=\"602\" data-id=\"2084\" src=\"https:\/\/zum-see.ch\/wp-content\/uploads\/2024\/12\/festsaal-restaurant-zum-see-01.webp\" alt=\"Restaurant Zum See - Id&#xE9;al pour les &#xE9;v&#xE9;nements avec salle de f&#xEA;te\" class=\"wp-image-2084\" srcset=\"https:\/\/zum-see.ch\/wp-content\/uploads\/2024\/12\/festsaal-restaurant-zum-see-01.webp 574w, https:\/\/zum-see.ch\/wp-content\/uploads\/2024\/12\/festsaal-restaurant-zum-see-01-286x300.webp 286w\" sizes=\"auto, (max-width: 574px) 100vw, 574px\" \/><figcaption class=\"wp-element-caption\">Montagnes &amp; Lac<\/figcaption><\/figure>\n\n\n\n<figure class=\"wp-block-image size-full\"><img loading=\"lazy\" decoding=\"async\" width=\"574\" height=\"602\" data-id=\"2087\" src=\"https:\/\/zum-see.ch\/wp-content\/uploads\/2024\/12\/festsaal-restaurant-zum-see-02.webp\" alt=\"Salle des f&#xEA;tes du restaurant zum See &#xE0; Gr&#xE4;chen\" class=\"wp-image-2087\" srcset=\"https:\/\/zum-see.ch\/wp-content\/uploads\/2024\/12\/festsaal-restaurant-zum-see-02.webp 574w, https:\/\/zum-see.ch\/wp-content\/uploads\/2024\/12\/festsaal-restaurant-zum-see-02-286x300.webp 286w\" sizes=\"auto, (max-width: 574px) 100vw, 574px\" \/><figcaption class=\"wp-element-caption\">Jusqu'\u00e0 130 places assises<\/figcaption><\/figure>\n\n\n\n<figure class=\"wp-block-image size-full\"><img loading=\"lazy\" decoding=\"async\" width=\"574\" height=\"602\" data-id=\"2090\" src=\"https:\/\/zum-see.ch\/wp-content\/uploads\/2024\/12\/festsaal-restaurant-zum-see-03.webp\" alt=\"F&#xEA;ter un mariage ou un anniversaire au Restaurant zum See &#xE0; Gr&#xE4;chen\" class=\"wp-image-2090\" srcset=\"https:\/\/zum-see.ch\/wp-content\/uploads\/2024\/12\/festsaal-restaurant-zum-see-03.webp 574w, https:\/\/zum-see.ch\/wp-content\/uploads\/2024\/12\/festsaal-restaurant-zum-see-03-286x300.webp 286w\" sizes=\"auto, (max-width: 574px) 100vw, 574px\" \/><figcaption class=\"wp-element-caption\">Mariage, anniversaire...<\/figcaption><\/figure>\n\n\n\n<figure class=\"wp-block-image size-full\"><img loading=\"lazy\" decoding=\"async\" width=\"574\" height=\"602\" data-id=\"2093\" src=\"https:\/\/zum-see.ch\/wp-content\/uploads\/2024\/12\/festsaal-restaurant-zum-see-04.webp\" alt=\"Repas buffet au restaurant zum See &#xE0; Gr&#xE4;chen\" class=\"wp-image-2093\" srcset=\"https:\/\/zum-see.ch\/wp-content\/uploads\/2024\/12\/festsaal-restaurant-zum-see-04.webp 574w, https:\/\/zum-see.ch\/wp-content\/uploads\/2024\/12\/festsaal-restaurant-zum-see-04-286x300.webp 286w\" sizes=\"auto, (max-width: 574px) 100vw, 574px\" \/><figcaption class=\"wp-element-caption\">Buffet ou menu<\/figcaption><\/figure>\n<\/figure>\n\n\n\n<section class=\"wp-block-uagb-columns uagb-columns__wrap uagb-columns__background-none uagb-columns__stack-mobile uagb-columns__valign- uagb-columns__gap-10 align uagb-block-7b8427c7 uagb-columns__columns-2 uagb-columns__max_width-theme\"><div class=\"uagb-columns__overlay\"><\/div><div class=\"uagb-columns__inner-wrap uagb-columns__columns-2\">\n<div class=\"wp-block-uagb-column uagb-column__wrap uagb-column__background-undefined uagb-block-4324c04d\"><div class=\"uagb-column__overlay\"><\/div>\n<p class=\"has-central-palette-5-color has-text-color\">Qu'il s'agisse d'une f\u00eate de famille, d'un \u00e9v\u00e9nement \u00e9l\u00e9gant, d'un mariage ou d'un anniversaire, notre Arvensaal, qui peut accueillir jusqu'\u00e0 130 personnes assises, accueille les plus belles c\u00e9l\u00e9brations.<\/p>\n\n\n\n<p class=\"has-central-palette-5-color has-text-color\">Nous sommes nich\u00e9s \u00e0 1'720 m d'altitude dans un imposant paysage de montagne avec un petit lac de montagne.<\/p>\n<\/div>\n\n\n\n<div class=\"wp-block-uagb-column uagb-column__wrap uagb-column__background-undefined uagb-block-cadf1e93\"><div class=\"uagb-column__overlay\"><\/div>\n<div style=\"height:70px\" aria-hidden=\"true\" class=\"wp-block-spacer\"><\/div>\n\n\n\n<div class=\"wp-block-buttons is-content-justification-center is-layout-flex wp-container-core-buttons-is-layout-16018d1d wp-block-buttons-is-layout-flex\">\n<div class=\"wp-block-button is-style-outline dunkel is-style-outline--2\"><a class=\"wp-block-button__link has-central-palette-5-color has-text-color wp-element-button\" href=\"https:\/\/zum-see.ch\/fr\/salle-des-fetes\/\" style=\"border-radius:3px\">En savoir plus<\/a><\/div>\n<\/div>\n<\/div>\n<\/div><\/section>\n<\/div><\/section>\n\n\n\n<section class=\"wp-block-uagb-section uagb-section__wrap uagb-section__background-color uagb-block-ccb351da\"><div class=\"uagb-section__overlay\"><\/div><div class=\"uagb-section__inner-wrap\">\n<h2 class=\"wp-block-heading has-text-align-center has-central-palette-4-color has-text-color\">\u00c9valuations<\/h2>\n\n\n\n<div style=\"height:40px\" aria-hidden=\"true\" class=\"wp-block-spacer\"><\/div>\n\n\n\n<section class=\"wp-block-uagb-columns uagb-columns__wrap uagb-columns__background-none uagb-columns__stack-mobile uagb-columns__valign- uagb-columns__gap-10 align uagb-block-412dd55e uagb-columns__columns-3 uagb-columns__max_width-theme hundert\"><div class=\"uagb-columns__overlay\"><\/div><div class=\"uagb-columns__inner-wrap uagb-columns__columns-3\">\n<div class=\"wp-block-uagb-column uagb-column__wrap uagb-column__background-none uagb-block-40f083f3\"><div class=\"uagb-column__overlay\"><\/div>\n<div class=\"wp-block-uagb-icon-list uagb-block-c149cf00 uagb-icon-list__outer-wrap uagb-icon-list__layout-vertical uagb-icon-list__no-label\"><div class=\"uagb-icon-list__wrap\">\n<div class=\"wp-block-uagb-icon-list-child uagb-block-54057950 uagb-icon-list-repeater uagb-icon-list__wrapper\"><a target=\"_self\" aria-label=\"List item\" rel=\"noopener noreferrer\" href=\"#\"> <\/a><span class=\"uagb-icon-list__source-wrap\"><svg xmlns=\"https:\/\/www.w3.org\/2000\/svg\" viewbox=\"0 0 448 512\"><path d=\"M96 224C84.72 224 74.05 226.3 64 229.9V224c0-35.3 28.7-64 64-64c17.67 0 32-14.33 32-32S145.7 96 128 96C57.42 96 0 153.4 0 224v96c0 53.02 42.98 96 96 96s96-42.98 96-96S149 224 96 224zM352 224c-11.28 0-21.95 2.305-32 5.879V224c0-35.3 28.7-64 64-64c17.67 0 32-14.33 32-32s-14.33-32-32-32c-70.58 0-128 57.42-128 128v96c0 53.02 42.98 96 96 96s96-42.98 96-96S405 224 352 224z\"><\/path><\/svg><\/span><\/div>\n<\/div><\/div>\n\n\n\n<p class=\"has-central-palette-4-color has-text-color\"><meta charset=\"utf-8\"\/>Tr\u00e8s bien situ\u00e9. En \u00e9t\u00e9, comme premier ou dernier arr\u00eat lors d'une randonn\u00e9e et en hiver pour manger un bon repas et se r\u00e9chauffer.<\/p>\n<\/div>\n\n\n\n<div class=\"wp-block-uagb-column uagb-column__wrap uagb-column__background-none uagb-block-ddfff241\"><div class=\"uagb-column__overlay\"><\/div>\n<div class=\"wp-block-uagb-icon-list uagb-block-c03ffb27 uagb-icon-list__outer-wrap uagb-icon-list__layout-vertical uagb-icon-list__no-label\"><div class=\"uagb-icon-list__wrap\">\n<div class=\"wp-block-uagb-icon-list-child uagb-block-c998b57d uagb-icon-list-repeater uagb-icon-list__wrapper\"><a target=\"_self\" aria-label=\"List item\" rel=\"noopener noreferrer\" href=\"#\"> <\/a><span class=\"uagb-icon-list__source-wrap\"><svg xmlns=\"https:\/\/www.w3.org\/2000\/svg\" viewbox=\"0 0 448 512\"><path d=\"M96 224C84.72 224 74.05 226.3 64 229.9V224c0-35.3 28.7-64 64-64c17.67 0 32-14.33 32-32S145.7 96 128 96C57.42 96 0 153.4 0 224v96c0 53.02 42.98 96 96 96s96-42.98 96-96S149 224 96 224zM352 224c-11.28 0-21.95 2.305-32 5.879V224c0-35.3 28.7-64 64-64c17.67 0 32-14.33 32-32s-14.33-32-32-32c-70.58 0-128 57.42-128 128v96c0 53.02 42.98 96 96 96s96-42.98 96-96S405 224 352 224z\"><\/path><\/svg><\/span><\/div>\n<\/div><\/div>\n\n\n\n<p class=\"has-central-palette-4-color has-text-color\">Idyllique au bord du lac et superbe panorama. Mon repas \u00e9tait d\u00e9licieux. Le service \u00e9tait tr\u00e8s sympathique et amusant.<\/p>\n<\/div>\n\n\n\n<div class=\"wp-block-uagb-column uagb-column__wrap uagb-column__background-none uagb-block-e7c196e0\"><div class=\"uagb-column__overlay\"><\/div>\n<div class=\"wp-block-uagb-icon-list uagb-block-9900837a uagb-icon-list__outer-wrap uagb-icon-list__layout-vertical uagb-icon-list__no-label\"><div class=\"uagb-icon-list__wrap\">\n<div class=\"wp-block-uagb-icon-list-child uagb-block-1e2a036c uagb-icon-list-repeater uagb-icon-list__wrapper\"><a target=\"_self\" aria-label=\"List item\" rel=\"noopener noreferrer\" href=\"#\"> <\/a><span class=\"uagb-icon-list__source-wrap\"><svg xmlns=\"https:\/\/www.w3.org\/2000\/svg\" viewbox=\"0 0 448 512\"><path d=\"M96 224C84.72 224 74.05 226.3 64 229.9V224c0-35.3 28.7-64 64-64c17.67 0 32-14.33 32-32S145.7 96 128 96C57.42 96 0 153.4 0 224v96c0 53.02 42.98 96 96 96s96-42.98 96-96S149 224 96 224zM352 224c-11.28 0-21.95 2.305-32 5.879V224c0-35.3 28.7-64 64-64c17.67 0 32-14.33 32-32s-14.33-32-32-32c-70.58 0-128 57.42-128 128v96c0 53.02 42.98 96 96 96s96-42.98 96-96S405 224 352 224z\"><\/path><\/svg><\/span><\/div>\n<\/div><\/div>\n\n\n\n<p class=\"has-central-palette-4-color has-text-color\">Bel emplacement. Personnel aimable... tr\u00e8s bonne nourriture. Quand vous voulez.<\/p>\n<\/div>\n<\/div><\/section>\n<\/div><\/section>\n\n\n\n<section class=\"wp-block-uagb-section uagb-section__wrap uagb-section__background-image uagb-block-1076f7e3\"><div class=\"uagb-section__overlay\"><\/div><div class=\"uagb-section__inner-wrap\">\n<h2 class=\"wp-block-heading has-text-align-center has-central-palette-5-color has-text-color\">Pension Aaron - Quatre chambres doubles<\/h2>\n\n\n\n<div style=\"height:40px\" aria-hidden=\"true\" class=\"wp-block-spacer\"><\/div>\n\n\n\n<figure class=\"wp-block-gallery has-nested-images columns-4 is-cropped wp-block-gallery-3 is-layout-flex wp-block-gallery-is-layout-flex\">\n<figure class=\"wp-block-image size-full\"><img loading=\"lazy\" decoding=\"async\" width=\"628\" height=\"660\" data-id=\"403\" src=\"https:\/\/zum-see.ch\/wp-content\/uploads\/2022\/07\/situation-doppelzimmer-zum-see.jpg\" alt=\"Situation chambre double face au lac\" class=\"wp-image-403\" srcset=\"https:\/\/zum-see.ch\/wp-content\/uploads\/2022\/07\/situation-doppelzimmer-zum-see.jpg 628w, https:\/\/zum-see.ch\/wp-content\/uploads\/2022\/07\/situation-doppelzimmer-zum-see-285x300.jpg 285w\" sizes=\"auto, (max-width: 628px) 100vw, 628px\" \/><figcaption class=\"wp-element-caption\">Juste \u00e0 c\u00f4t\u00e9 du restaurant<\/figcaption><\/figure>\n\n\n\n<figure class=\"wp-block-image size-full\"><img loading=\"lazy\" decoding=\"async\" width=\"628\" height=\"660\" data-id=\"406\" src=\"https:\/\/zum-see.ch\/wp-content\/uploads\/2022\/07\/doppelzimmer-mit-einmaliger-aussicht.jpg\" alt=\"Chambre double avec vue unique sur les Alpes valaisannes et bernoises\" class=\"wp-image-406\" srcset=\"https:\/\/zum-see.ch\/wp-content\/uploads\/2022\/07\/doppelzimmer-mit-einmaliger-aussicht.jpg 628w, https:\/\/zum-see.ch\/wp-content\/uploads\/2022\/07\/doppelzimmer-mit-einmaliger-aussicht-285x300.jpg 285w\" sizes=\"auto, (max-width: 628px) 100vw, 628px\" \/><figcaption class=\"wp-element-caption\">Une vue unique<\/figcaption><\/figure>\n\n\n\n<figure class=\"wp-block-image size-large\"><img loading=\"lazy\" decoding=\"async\" width=\"1024\" height=\"788\" data-id=\"1406\" src=\"https:\/\/zum-see.ch\/wp-content\/uploads\/2023\/07\/innen-zimmer-studio-graechen-2023-1024x788.jpg\" alt=\"Chambres et studios &#xE0; Gr&#xE4;chen\" class=\"wp-image-1406\" srcset=\"https:\/\/zum-see.ch\/wp-content\/uploads\/2023\/07\/innen-zimmer-studio-graechen-2023-1024x788.jpg 1024w, https:\/\/zum-see.ch\/wp-content\/uploads\/2023\/07\/innen-zimmer-studio-graechen-2023-300x231.jpg 300w, https:\/\/zum-see.ch\/wp-content\/uploads\/2023\/07\/innen-zimmer-studio-graechen-2023-768x591.jpg 768w, https:\/\/zum-see.ch\/wp-content\/uploads\/2023\/07\/innen-zimmer-studio-graechen-2023.jpg 1300w\" sizes=\"auto, (max-width: 1024px) 100vw, 1024px\" \/><figcaption class=\"wp-element-caption\">Confortable<\/figcaption><\/figure>\n\n\n\n<figure class=\"wp-block-image size-full\"><img loading=\"lazy\" decoding=\"async\" width=\"574\" height=\"602\" data-id=\"2122\" src=\"https:\/\/zum-see.ch\/wp-content\/uploads\/2024\/12\/pension-aaron-feel-home-graechen.webp\" alt=\"#feelhome &#xE0; la pension Aaron &#xE0; Gr&#xE4;chen\" class=\"wp-image-2122\" srcset=\"https:\/\/zum-see.ch\/wp-content\/uploads\/2024\/12\/pension-aaron-feel-home-graechen.webp 574w, https:\/\/zum-see.ch\/wp-content\/uploads\/2024\/12\/pension-aaron-feel-home-graechen-286x300.webp 286w\" sizes=\"auto, (max-width: 574px) 100vw, 574px\" \/><figcaption class=\"wp-element-caption\">#feelhome<\/figcaption><\/figure>\n<\/figure>\n\n\n\n<section class=\"wp-block-uagb-columns uagb-columns__wrap uagb-columns__background-none uagb-columns__stack-mobile uagb-columns__valign- uagb-columns__gap-10 align uagb-block-68d63db3 uagb-columns__columns-2 uagb-columns__max_width-theme\"><div class=\"uagb-columns__overlay\"><\/div><div class=\"uagb-columns__inner-wrap uagb-columns__columns-2\">\n<div class=\"wp-block-uagb-column uagb-column__wrap uagb-column__background-undefined uagb-block-f8546480\"><div class=\"uagb-column__overlay\"><\/div>\n<p class=\"has-central-palette-5-color has-text-color\">Quatre chambres doubles romantiques au bord du lac de Gr\u00e4chen. Situation d\u00e9gag\u00e9e et ensoleill\u00e9e avec vue sur le village et les montagnes environnantes.<\/p>\n<\/div>\n\n\n\n<div class=\"wp-block-uagb-column uagb-column__wrap uagb-column__background-undefined uagb-block-3f9f0af6\"><div class=\"uagb-column__overlay\"><\/div>\n<div style=\"height:20px\" aria-hidden=\"true\" class=\"wp-block-spacer\"><\/div>\n\n\n\n<div class=\"wp-block-buttons is-content-justification-center is-layout-flex wp-container-core-buttons-is-layout-16018d1d wp-block-buttons-is-layout-flex\">\n<div class=\"wp-block-button is-style-outline dunkel is-style-outline--4\"><a class=\"wp-block-button__link has-central-palette-5-color has-text-color wp-element-button\" href=\"https:\/\/zum-see.ch\/fr\/pension-aaron-graechen\/\" style=\"border-radius:3px\">En savoir plus<\/a><\/div>\n<\/div>\n<\/div>\n<\/div><\/section>\n<\/div><\/section>\n\n\n\n<section class=\"wp-block-uagb-section uagb-section__wrap uagb-section__background-color uagb-block-69116098\"><div class=\"uagb-section__overlay\"><\/div><div class=\"uagb-section__inner-wrap\">\n<h2 class=\"wp-block-heading has-text-align-center\">Vos h\u00f4tes<\/h2>\n\n\n\n<div style=\"height:40px\" aria-hidden=\"true\" class=\"wp-block-spacer\"><\/div>\n\n\n\n<section class=\"wp-block-uagb-columns uagb-columns__wrap uagb-columns__background-none uagb-columns__stack-mobile uagb-columns__valign- uagb-columns__gap-10 align uagb-block-23feb14d uagb-columns__columns-2 uagb-columns__max_width-theme\"><div class=\"uagb-columns__overlay\"><\/div><div class=\"uagb-columns__inner-wrap uagb-columns__columns-2\">\n<div class=\"wp-block-uagb-column uagb-column__wrap uagb-column__background-undefined uagb-block-14cf819c\"><div class=\"uagb-column__overlay\"><\/div><div class=\"wp-block-image is-style-rounded\">\n<figure class=\"aligncenter size-full is-resized\"><img loading=\"lazy\" decoding=\"async\" width=\"900\" height=\"900\" src=\"https:\/\/zum-see.ch\/wp-content\/uploads\/2024\/12\/restaurant-zum-see-graechen-gastgeber-2024.webp\" alt=\"Restaurant Zum See &#xE0; Gr&#xE4;chen h&#xF4;te\" class=\"wp-image-2165\" style=\"width:450px\" srcset=\"https:\/\/zum-see.ch\/wp-content\/uploads\/2024\/12\/restaurant-zum-see-graechen-gastgeber-2024.webp 900w, https:\/\/zum-see.ch\/wp-content\/uploads\/2024\/12\/restaurant-zum-see-graechen-gastgeber-2024-300x300.webp 300w, https:\/\/zum-see.ch\/wp-content\/uploads\/2024\/12\/restaurant-zum-see-graechen-gastgeber-2024-150x150.webp 150w, https:\/\/zum-see.ch\/wp-content\/uploads\/2024\/12\/restaurant-zum-see-graechen-gastgeber-2024-768x768.webp 768w\" sizes=\"auto, (max-width: 900px) 100vw, 900px\" \/><\/figure><\/div>\n\n\n<p><\/p>\n<\/div>\n\n\n\n<div class=\"wp-block-uagb-column uagb-column__wrap uagb-column__background-undefined uagb-block-fb7b41fa hundert\"><div class=\"uagb-column__overlay\"><\/div>\n<p>Depuis plus de 40 ans, mes parents, Sternau et Luzia, ont g\u00e9r\u00e9 le \"Restaurant zum See et la Pension Aaron\" avec beaucoup de c\u0153ur, de charme et de passion et en ont fait ce qu'il est aujourd'hui.<\/p>\n\n\n\n<p>Je me r\u00e9jouis maintenant, avec ma partenaire Salome Wolf, de marcher petit \u00e0 petit sur ses traces et de reprendre la responsabilit\u00e9 du restaurant.<\/p>\n\n\n\n<p>Pendant un an ou deux, nous allons encore g\u00e9rer l'entreprise avec mes parents, avant de pouvoir reprendre d\u00e9finitivement le restaurant et la pension.\nNous apportons un vent de fra\u00eecheur, de nouvelles id\u00e9es et un concept moderne - tout en restant fid\u00e8les \u00e0 la tradition, aux valeurs et \u00e0 la cordialit\u00e9 qui caract\u00e9risent le \"Zum See\". <\/p>\n\n\n\n<p>Nous sommes impatients de continuer \u00e0 vous accueillir, \u00e0 vous choyer et \u00e0 faire entrer ce lieu si particulier dans une nouvelle g\u00e9n\u00e9ration.<\/p>\n<\/div>\n<\/div><\/section>\n\n\n\n<div style=\"height:50px\" aria-hidden=\"true\" class=\"wp-block-spacer\"><\/div>\n\n\n\n<div class=\"wp-block-buttons is-content-justification-center is-layout-flex wp-container-core-buttons-is-layout-16018d1d wp-block-buttons-is-layout-flex\">\n<div class=\"wp-block-button\"><a class=\"wp-block-button__link wp-element-button\" href=\"https:\/\/zum-see.ch\/fr\/reservation\/\" style=\"border-radius:3px\">R\u00e9servation<\/a><\/div>\n\n\n\n<div class=\"wp-block-button\"><a class=\"wp-block-button__link has-background wp-element-button\" href=\"tel:+41279561070\" style=\"border-radius:3px;background-color:#2e402f\">+41 27 956 10 70<\/a><\/div>\n<\/div>\n<\/div><\/section>\n","protected":false},"excerpt":{"rendered":"","protected":false},"author":1,"featured_media":0,"parent":0,"menu_order":0,"comment_status":"closed","ping_status":"closed","template":"","meta":{"inline_featured_image":false,"_uag_custom_page_level_css":"","footnotes":""},"class_list":["post-1289","page","type-page","status-publish","hentry"],"yoast_head":"<!-- This site is optimized with the Yoast SEO plugin v27.2 - https:\/\/yoast.com\/product\/yoast-seo-wordpress\/ -->\n<title>Actualit\u00e9s - Restaurant zum See Gr\u00e4chen<\/title>\n<meta name=\"description\" content=\"Informations actuelles sur le restaurant et Gr\u00e4chen - des montagnes uniques et un magnifique lac de montagne.\" \/>\n<meta name=\"robots\" content=\"index, follow, max-snippet:-1, max-image-preview:large, max-video-preview:-1\" \/>\n<link rel=\"canonical\" href=\"https:\/\/zum-see.ch\/fr\/actualites\/\" \/>\n<meta property=\"og:locale\" content=\"fr_FR\" \/>\n<meta property=\"og:type\" content=\"article\" \/>\n<meta property=\"og:title\" content=\"Actualit\u00e9s - Restaurant zum See Gr\u00e4chen\" \/>\n<meta property=\"og:description\" content=\"Informations actuelles sur le restaurant et Gr\u00e4chen - des montagnes uniques et un magnifique lac de montagne.\" \/>\n<meta property=\"og:url\" content=\"https:\/\/zum-see.ch\/fr\/actualites\/\" \/>\n<meta property=\"og:site_name\" content=\"Restaurant zum See Gr\u00e4chen\" \/>\n<meta property=\"article:publisher\" content=\"https:\/\/www.facebook.com\/restaurant.zum.see.graechen\/\" \/>\n<meta property=\"article:modified_time\" content=\"2023-07-19T09:14:21+00:00\" \/>\n<meta property=\"og:image\" content=\"https:\/\/zum-see.ch\/wp-content\/uploads\/2023\/07\/logo-zum-see.jpg\" \/>\n\t<meta property=\"og:image:width\" content=\"1200\" \/>\n\t<meta property=\"og:image:height\" content=\"675\" \/>\n\t<meta property=\"og:image:type\" content=\"image\/jpeg\" \/>\n<meta name=\"twitter:card\" content=\"summary_large_image\" \/>\n<script type=\"application\/ld+json\" class=\"yoast-schema-graph\">{\"@context\":\"https:\/\/schema.org\",\"@graph\":[{\"@type\":\"WebPage\",\"@id\":\"https:\/\/zum-see.ch\/fr\/actualites\/\",\"url\":\"https:\/\/zum-see.ch\/fr\/actualites\/\",\"name\":\"Actualit\u00e9s - Restaurant zum See Gr\u00e4chen\",\"isPartOf\":{\"@id\":\"https:\/\/zum-see.ch\/fr\/#website\"},\"datePublished\":\"2022-12-14T16:38:33+00:00\",\"dateModified\":\"2023-07-19T09:14:21+00:00\",\"description\":\"Informations actuelles sur le restaurant et Gr\u00e4chen - des montagnes uniques et un magnifique lac de montagne.\",\"breadcrumb\":{\"@id\":\"https:\/\/zum-see.ch\/fr\/actualites\/#breadcrumb\"},\"inLanguage\":\"fr-FR\",\"potentialAction\":[{\"@type\":\"ReadAction\",\"target\":[\"https:\/\/zum-see.ch\/fr\/actualites\/\"]}]},{\"@type\":\"BreadcrumbList\",\"@id\":\"https:\/\/zum-see.ch\/fr\/actualites\/#breadcrumb\",\"itemListElement\":[{\"@type\":\"ListItem\",\"position\":1,\"name\":\"Startseite\",\"item\":\"https:\/\/zum-see.ch\/fr\/\"},{\"@type\":\"ListItem\",\"position\":2,\"name\":\"Actualit\u00e9s\"}]},{\"@type\":\"WebSite\",\"@id\":\"https:\/\/zum-see.ch\/fr\/#website\",\"url\":\"https:\/\/zum-see.ch\/fr\/\",\"name\":\"Restaurant zum See Gr\u00e4chen\",\"description\":\"\",\"publisher\":{\"@id\":\"https:\/\/zum-see.ch\/fr\/#organization\"},\"potentialAction\":[{\"@type\":\"SearchAction\",\"target\":{\"@type\":\"EntryPoint\",\"urlTemplate\":\"https:\/\/zum-see.ch\/fr\/?s={search_term_string}\"},\"query-input\":{\"@type\":\"PropertyValueSpecification\",\"valueRequired\":true,\"valueName\":\"search_term_string\"}}],\"inLanguage\":\"fr-FR\"},{\"@type\":\"Organization\",\"@id\":\"https:\/\/zum-see.ch\/fr\/#organization\",\"name\":\"Restaurant zum See Gr\u00e4chen\",\"url\":\"https:\/\/zum-see.ch\/fr\/\",\"logo\":{\"@type\":\"ImageObject\",\"inLanguage\":\"fr-FR\",\"@id\":\"https:\/\/zum-see.ch\/fr\/#\/schema\/logo\/image\/\",\"url\":\"https:\/\/zum-see.ch\/wp-content\/uploads\/2023\/07\/logo-zum-see-2023.png\",\"contentUrl\":\"https:\/\/zum-see.ch\/wp-content\/uploads\/2023\/07\/logo-zum-see-2023.png\",\"width\":800,\"height\":506,\"caption\":\"Restaurant zum See Gr\u00e4chen\"},\"image\":{\"@id\":\"https:\/\/zum-see.ch\/fr\/#\/schema\/logo\/image\/\"},\"sameAs\":[\"https:\/\/www.facebook.com\/restaurant.zum.see.graechen\/\"]}]}<\/script>\n<!-- \/ Yoast SEO plugin. -->","yoast_head_json":{"title":"Actualit\u00e9s - Restaurant zum See Gr\u00e4chen","description":"Informations actuelles sur le restaurant et Gr\u00e4chen - des montagnes uniques et un magnifique lac de montagne.","robots":{"index":"index","follow":"follow","max-snippet":"max-snippet:-1","max-image-preview":"max-image-preview:large","max-video-preview":"max-video-preview:-1"},"canonical":"https:\/\/zum-see.ch\/fr\/actualites\/","og_locale":"fr_FR","og_type":"article","og_title":"Actualit\u00e9s - Restaurant zum See Gr\u00e4chen","og_description":"Informations actuelles sur le restaurant et Gr\u00e4chen - des montagnes uniques et un magnifique lac de montagne.","og_url":"https:\/\/zum-see.ch\/fr\/actualites\/","og_site_name":"Restaurant zum See Gr\u00e4chen","article_publisher":"https:\/\/www.facebook.com\/restaurant.zum.see.graechen\/","article_modified_time":"2023-07-19T09:14:21+00:00","og_image":[{"width":1200,"height":675,"url":"https:\/\/zum-see.ch\/wp-content\/uploads\/2023\/07\/logo-zum-see.jpg","type":"image\/jpeg"}],"twitter_card":"summary_large_image","schema":{"@context":"https:\/\/schema.org","@graph":[{"@type":"WebPage","@id":"https:\/\/zum-see.ch\/fr\/actualites\/","url":"https:\/\/zum-see.ch\/fr\/actualites\/","name":"Actualit\u00e9s - Restaurant zum See Gr\u00e4chen","isPartOf":{"@id":"https:\/\/zum-see.ch\/fr\/#website"},"datePublished":"2022-12-14T16:38:33+00:00","dateModified":"2023-07-19T09:14:21+00:00","description":"Informations actuelles sur le restaurant et Gr\u00e4chen - des montagnes uniques et un magnifique lac de montagne.","breadcrumb":{"@id":"https:\/\/zum-see.ch\/fr\/actualites\/#breadcrumb"},"inLanguage":"fr-FR","potentialAction":[{"@type":"ReadAction","target":["https:\/\/zum-see.ch\/fr\/actualites\/"]}]},{"@type":"BreadcrumbList","@id":"https:\/\/zum-see.ch\/fr\/actualites\/#breadcrumb","itemListElement":[{"@type":"ListItem","position":1,"name":"Startseite","item":"https:\/\/zum-see.ch\/fr\/"},{"@type":"ListItem","position":2,"name":"Actualit\u00e9s"}]},{"@type":"WebSite","@id":"https:\/\/zum-see.ch\/fr\/#website","url":"https:\/\/zum-see.ch\/fr\/","name":"Restaurant zum See Gr\u00e4chen","description":"","publisher":{"@id":"https:\/\/zum-see.ch\/fr\/#organization"},"potentialAction":[{"@type":"SearchAction","target":{"@type":"EntryPoint","urlTemplate":"https:\/\/zum-see.ch\/fr\/?s={search_term_string}"},"query-input":{"@type":"PropertyValueSpecification","valueRequired":true,"valueName":"search_term_string"}}],"inLanguage":"fr-FR"},{"@type":"Organization","@id":"https:\/\/zum-see.ch\/fr\/#organization","name":"Restaurant zum See Gr\u00e4chen","url":"https:\/\/zum-see.ch\/fr\/","logo":{"@type":"ImageObject","inLanguage":"fr-FR","@id":"https:\/\/zum-see.ch\/fr\/#\/schema\/logo\/image\/","url":"https:\/\/zum-see.ch\/wp-content\/uploads\/2023\/07\/logo-zum-see-2023.png","contentUrl":"https:\/\/zum-see.ch\/wp-content\/uploads\/2023\/07\/logo-zum-see-2023.png","width":800,"height":506,"caption":"Restaurant zum See Gr\u00e4chen"},"image":{"@id":"https:\/\/zum-see.ch\/fr\/#\/schema\/logo\/image\/"},"sameAs":["https:\/\/www.facebook.com\/restaurant.zum.see.graechen\/"]}]}},"uagb_featured_image_src":{"full":false,"thumbnail":false,"medium":false,"medium_large":false,"large":false,"1536x1536":false,"2048x2048":false},"uagb_author_info":{"display_name":"admin","author_link":"https:\/\/zum-see.ch\/fr\/author\/adhowasgra\/"},"uagb_comment_info":0,"uagb_excerpt":null,"_links":{"self":[{"href":"https:\/\/zum-see.ch\/fr\/wp-json\/wp\/v2\/pages\/1289","targetHints":{"allow":["GET"]}}],"collection":[{"href":"https:\/\/zum-see.ch\/fr\/wp-json\/wp\/v2\/pages"}],"about":[{"href":"https:\/\/zum-see.ch\/fr\/wp-json\/wp\/v2\/types\/page"}],"author":[{"embeddable":true,"href":"https:\/\/zum-see.ch\/fr\/wp-json\/wp\/v2\/users\/1"}],"replies":[{"embeddable":true,"href":"https:\/\/zum-see.ch\/fr\/wp-json\/wp\/v2\/comments?post=1289"}],"version-history":[{"count":4,"href":"https:\/\/zum-see.ch\/fr\/wp-json\/wp\/v2\/pages\/1289\/revisions"}],"predecessor-version":[{"id":1447,"href":"https:\/\/zum-see.ch\/fr\/wp-json\/wp\/v2\/pages\/1289\/revisions\/1447"}],"wp:attachment":[{"href":"https:\/\/zum-see.ch\/fr\/wp-json\/wp\/v2\/media?parent=1289"}],"curies":[{"name":"wp","href":"https:\/\/api.w.org\/{rel}","templated":true}]}}